{"id":10,"date":"2013-01-16T17:56:08","date_gmt":"2013-01-16T17:56:08","guid":{"rendered":"http:\/\/localhost\/dsa\/?page_id=10"},"modified":"2025-03-25T10:14:13","modified_gmt":"2025-03-25T13:14:13","slug":"menu2","status":"publish","type":"page","link":"https:\/\/daf.crp.ufv.br\/?page_id=10","title":{"rendered":"Estrutura Organizacional"},"content":{"rendered":"<h3><a href=\"https:\/\/i0.wp.com\/daf.crp.ufv.br\/wp-content\/uploads\/estrutura.jpg?ssl=1\"><img data-recalc-dims=\"1\" loading=\"lazy\" decoding=\"async\" class=\"aligncenter size-medium wp-image-640\" src=\"https:\/\/i0.wp.com\/daf.crp.ufv.br\/wp-content\/uploads\/estrutura-300x175.jpg?resize=300%2C175&#038;ssl=1\" alt=\"estrutura\" width=\"300\" height=\"175\" \/><\/a><\/h3>\n<h4><strong>A Diretoria Administrativa Financeira \u00e9 constitu\u00edda por:<\/strong><\/h4>\n<p>&nbsp;<\/p>\n<p><a href=\"https:\/\/daf.crp.ufv.br\/smt\/?page_id=902\" target=\"_blank\" rel=\"noopener\"><strong>Se\u00e7\u00e3o de Almoxarifado e Patrim\u00f4nio<\/strong><\/a><\/p>\n<p><a title=\"Se\u00e7\u00e3o de Biopsicossocial\" href=\"http:\/\/dac.crp.ufv.br\/\" target=\"_blank\" rel=\"noopener\"><strong>Divis\u00e3o Assuntos Comunit\u00e1rios \u2013 Assist\u00eancia Estudantil<\/strong><\/a><\/p>\n<p><strong><a title=\"Se\u00e7\u00e3o de Expediente\" href=\"https:\/\/daf.crp.ufv.br\/?page_id=561\">Se\u00e7\u00e3o de Expediente<\/a><\/strong><\/p>\n<p>&nbsp;<\/p>\n<h4><strong>Servi\u00e7o de Administra\u00e7\u00e3o Financeira<\/strong><\/h4>\n<p><strong><a title=\"Servi\u00e7o de Gest\u00e3o de Pessoas\" href=\"https:\/\/daf.crp.ufv.br\/?page_id=575\">Servi\u00e7o de Gest\u00e3o de Pessoas<\/a><\/strong><\/p>\n<p><a title=\"Servi\u00e7o de Material\" href=\"https:\/\/daf.crp.ufv.br\/smt\/\" target=\"_blank\" rel=\"noopener\"><strong>Servi\u00e7o de Material<\/strong><\/a><\/p>\n<p><strong><a title=\"Servi\u00e7o de Manuten\u00e7\u00e3o do Campus\" href=\"https:\/\/daf.crp.ufv.br\/?page_id=577\">Servi\u00e7o de Manuten\u00e7\u00e3o do Campus<\/a><\/strong><\/p>\n<p>&nbsp;<\/p>\n<h4><strong>Servi\u00e7o de Planejamento<\/strong><\/h4>\n<p><strong><a title=\"Servi\u00e7o de Projetos e Obras\" href=\"https:\/\/daf.crp.ufv.br\/?page_id=579\">Servi\u00e7o de Projetos e Obras<\/a><\/strong><\/p>\n<p><strong><a href=\"https:\/\/sti.crp.ufv.br\" target=\"_blank\" rel=\"noopener\">Servi\u00e7o de Tecnologia da Informa\u00e7\u00e3o<\/a><\/strong><\/p>\n<p><strong><a title=\"Servi\u00e7o de Transporte\" href=\"https:\/\/daf.crp.ufv.br\/?page_id=581\">Servi\u00e7o de Transporte<\/a><\/strong><\/p>\n<h3><\/h3>\n","protected":false},"excerpt":{"rendered":"<p>A Diretoria Administrativa Financeira \u00e9 constitu\u00edda por: &nbsp; Se\u00e7\u00e3o de Almoxarifado e Patrim\u00f4nio Divis\u00e3o Assuntos Comunit\u00e1rios \u2013 Assist\u00eancia Estudantil Se\u00e7\u00e3o de Expediente &nbsp; Servi\u00e7o de Administra\u00e7\u00e3o Financeira Servi\u00e7o de Gest\u00e3o de Pessoas Servi\u00e7o de Material Servi\u00e7o de Manuten\u00e7\u00e3o do Campus &nbsp; Servi\u00e7o de Planejamento Servi\u00e7o de Projetos e Obras Servi\u00e7o de Tecnologia da Informa\u00e7\u00e3o Servi\u00e7o [&hellip;]<\/p>\n","protected":false},"author":1,"featured_media":0,"parent":0,"menu_order":0,"comment_status":"closed","ping_status":"closed","template":"","meta":{"footnotes":""},"class_list":["post-10","page","type-page","status-publish","hentry"],"jetpack_sharing_enabled":true,"jetpack_shortlink":"https:\/\/wp.me\/P7ZC5i-a","_links":{"self":[{"href":"https:\/\/daf.crp.ufv.br\/index.php?rest_route=\/wp\/v2\/pages\/10","targetHints":{"allow":["GET"]}}],"collection":[{"href":"https:\/\/daf.crp.ufv.br\/index.php?rest_route=\/wp\/v2\/pages"}],"about":[{"href":"https:\/\/daf.crp.ufv.br\/index.php?rest_route=\/wp\/v2\/types\/page"}],"author":[{"embeddable":true,"href":"https:\/\/daf.crp.ufv.br\/index.php?rest_route=\/wp\/v2\/users\/1"}],"replies":[{"embeddable":true,"href":"https:\/\/daf.crp.ufv.br\/index.php?rest_route=%2Fwp%2Fv2%2Fcomments&post=10"}],"version-history":[{"count":23,"href":"https:\/\/daf.crp.ufv.br\/index.php?rest_route=\/wp\/v2\/pages\/10\/revisions"}],"predecessor-version":[{"id":1347,"href":"https:\/\/daf.crp.ufv.br\/index.php?rest_route=\/wp\/v2\/pages\/10\/revisions\/1347"}],"wp:attachment":[{"href":"https:\/\/daf.crp.ufv.br\/index.php?rest_route=%2Fwp%2Fv2%2Fmedia&parent=10"}],"curies":[{"name":"wp","href":"https:\/\/api.w.org\/{rel}","templated":true}]}}